{"id":451,"date":"2014-02-23T19:01:36","date_gmt":"2014-02-23T18:01:36","guid":{"rendered":"http:\/\/ralfbuecheler.de\/?page_id=451"},"modified":"2026-04-22T15:09:26","modified_gmt":"2026-04-22T14:09:26","slug":"cv","status":"publish","type":"page","link":"http:\/\/ralfbuecheler.de\/?page_id=451","title":{"rendered":"Filme (Auswahl)"},"content":{"rendered":"<p><span style=\"color: #000000;\">Unter unserem Himmel<br \/>\n<\/span><strong><span style=\"font-size: 14pt;\">Mistviecher &#8211; Wildtiere in der Landwirtschaft<\/span><\/strong><br \/>\n<span style=\"color: #000000;\">2026 (Ursendung am 03.05.26, 19:15 Uhr, Bayerisches Fernsehen)<\/span><\/p>\n<p><img loading=\"lazy\" decoding=\"async\" class=\"alignleft size-medium wp-image-1120\" src=\"http:\/\/ralfbuecheler.de\/wp-content\/uploads\/mistviecher-300x169.jpg\" alt=\"\" width=\"300\" height=\"169\" srcset=\"http:\/\/ralfbuecheler.de\/wp-content\/uploads\/mistviecher-300x169.jpg 300w, http:\/\/ralfbuecheler.de\/wp-content\/uploads\/mistviecher-1024x576.jpg 1024w, http:\/\/ralfbuecheler.de\/wp-content\/uploads\/mistviecher-768x432.jpg 768w, http:\/\/ralfbuecheler.de\/wp-content\/uploads\/mistviecher-1536x864.jpg 1536w, http:\/\/ralfbuecheler.de\/wp-content\/uploads\/mistviecher.jpg 1920w\" sizes=\"auto, (max-width: 300px) 100vw, 300px\" \/><\/p>\n<p>Was fr\u00fcher Alltag war, blieb modernen Landwirt:innen lange erspart: \u201eMistviecher\u201c. Der Naturschutz bringt Saatkr\u00e4hen, Fischotter, Biber und andere Wildtiere zur\u00fcck. Was tun? Geschichten aus Oberbayern, dem Tirschenreuther Teichland und dem Sinngrund. Ein Film \u00fcber einen alten Konflikt und neue L\u00f6sungen.<\/p>\n<p><span style=\"color: #000000;\">Ab 03.05.26 in der ARD Mediathek, <\/span>43 Min.<\/p>\n<p>Buch, Regie &#8211;\u00a0Bayerisches Fernsehen<\/p>\n<p>&nbsp;<\/p>\n<p>&nbsp;<\/p>\n<p>&nbsp;<\/p>\n<p><span style=\"color: #000000;\">Unter unserem Himmel<br \/>\n<\/span><strong><span style=\"font-size: 14pt;\">Alte Formen, neue H\u00e4user &#8211; Baukunst im Bregenzerwald<\/span><\/strong><br \/>\n<span style=\"color: #000000;\">2025 (Ursendung am 15.06.25, 19:15 Uhr, Bayerisches Fernsehen)<\/span><\/p>\n<p><img loading=\"lazy\" decoding=\"async\" class=\"alignleft size-medium wp-image-1095\" src=\"http:\/\/ralfbuecheler.de\/wp-content\/uploads\/oberhalb_egg_c_ralf_buecheler-300x169.jpg\" alt=\"\" width=\"300\" height=\"169\" srcset=\"http:\/\/ralfbuecheler.de\/wp-content\/uploads\/oberhalb_egg_c_ralf_buecheler-300x169.jpg 300w, http:\/\/ralfbuecheler.de\/wp-content\/uploads\/oberhalb_egg_c_ralf_buecheler-1024x576.jpg 1024w, http:\/\/ralfbuecheler.de\/wp-content\/uploads\/oberhalb_egg_c_ralf_buecheler-768x432.jpg 768w, http:\/\/ralfbuecheler.de\/wp-content\/uploads\/oberhalb_egg_c_ralf_buecheler-1536x864.jpg 1536w, http:\/\/ralfbuecheler.de\/wp-content\/uploads\/oberhalb_egg_c_ralf_buecheler.jpg 2000w\" sizes=\"auto, (max-width: 300px) 100vw, 300px\" \/><\/p>\n<p>Die Architektur des Bregenzerwaldes ist neu und doch vertraut \u2013 alpine Avantgarde aus Holz, Glas und Stein, die mittlerweile auch nach Bayern ausstrahlt. Seit 30 Jahren pr\u00e4gen mutige Bauherren, Handwerker und Architekten einen unverwechselbaren Stil. Wir schauen ihnen beim Arbeiten zu.<\/p>\n<p><span style=\"color: #000000;\">Ab 15.06.25 in der ARD Mediathek,\u00a0<\/span>43 Min.<\/p>\n<p>Buch, Regie &#8211;\u00a0Bayerisches Fernsehen<\/p>\n<p>&nbsp;<\/p>\n<p>&nbsp;<\/p>\n<p>&nbsp;<\/p>\n<p><span style=\"color: #000000;\">Unter unserem Himmel<br \/>\n<\/span><strong><span style=\"font-size: 14pt;\">Einsatz f\u00fcrs Bergidyll &#8211; im Hintersteiner Tal<\/span><\/strong><br \/>\n<span style=\"color: #000000;\">2024 (Ursendung am 27.10.2024, 19:15 Uhr, Bayerisches Fernsehen)<\/span><\/p>\n<p><img loading=\"lazy\" decoding=\"async\" class=\"alignleft wp-image-1073 size-medium\" src=\"http:\/\/ralfbuecheler.de\/wp-content\/uploads\/uuh_hinterstein_002-300x169.jpg\" alt=\"\" width=\"300\" height=\"169\" srcset=\"http:\/\/ralfbuecheler.de\/wp-content\/uploads\/uuh_hinterstein_002-300x169.jpg 300w, http:\/\/ralfbuecheler.de\/wp-content\/uploads\/uuh_hinterstein_002-1024x576.jpg 1024w, http:\/\/ralfbuecheler.de\/wp-content\/uploads\/uuh_hinterstein_002-768x432.jpg 768w, http:\/\/ralfbuecheler.de\/wp-content\/uploads\/uuh_hinterstein_002-1536x864.jpg 1536w, http:\/\/ralfbuecheler.de\/wp-content\/uploads\/uuh_hinterstein_002.jpg 1920w\" sizes=\"auto, (max-width: 300px) 100vw, 300px\" \/>Mitten im Naturschutzgebiet Allg\u00e4uer Hochalpen liegt eine alte Kulturlandschaft, das Hintersteiner Tal. Sie ist durch jahrhundertelange Weidewirtschaft entstanden, dank vieler engagierter Bewohner noch intakt \u2013 und wundersch\u00f6n. Das Hintersteiner Tal mit dem Dorf Hinterstein ist ein kleines Paradies &#8211; und macht viel Arbeit. Wir treffen Menschen, die sich mit gro\u00dfer Leidenschaft darum k\u00fcmmern, dass das Tal auch f\u00fcr kommende Generationen lebenswert bleibt. Und f\u00fcr Besucher, die sich zahlreich einfinden.<\/p>\n<p>Ab 22.09.2024 schon <a href=\"https:\/\/www.br.de\/br-fernsehen\/sendungen\/unter-unserem-himmel\/unter-unserem-himmel-einsatz-fuers-bergidyll-im-hintersteiner-tal-102.html\" target=\"_blank\" rel=\"noopener\">hier<\/a> in der ARD-Mediathek,\u00a043 Min.<\/p>\n<p>Buch, Regie &#8211;\u00a0<span style=\"color: #000000;\">Bayerisches Fernsehen<\/span><\/p>\n<p>&nbsp;<\/p>\n<p>&nbsp;<\/p>\n<p><span style=\"color: #000000;\"><strong><span style=\"font-size: 14pt;\">Im Land der W\u00f6lfe<br \/>\n<\/span><\/strong><\/span><span style=\"font-size: 12pt;\">2023<\/span><\/p>\n<p><span style=\"font-size: 12pt;\"><img loading=\"lazy\" decoding=\"async\" class=\"alignleft size-medium wp-image-1038\" src=\"http:\/\/ralfbuecheler.de\/wp-content\/uploads\/ILDW-Plakat_A4_web-212x300.jpg\" alt=\"\" width=\"212\" height=\"300\" srcset=\"http:\/\/ralfbuecheler.de\/wp-content\/uploads\/ILDW-Plakat_A4_web-212x300.jpg 212w, http:\/\/ralfbuecheler.de\/wp-content\/uploads\/ILDW-Plakat_A4_web-724x1024.jpg 724w, http:\/\/ralfbuecheler.de\/wp-content\/uploads\/ILDW-Plakat_A4_web-768x1086.jpg 768w, http:\/\/ralfbuecheler.de\/wp-content\/uploads\/ILDW-Plakat_A4_web-1086x1536.jpg 1086w, http:\/\/ralfbuecheler.de\/wp-content\/uploads\/ILDW-Plakat_A4_web.jpg 1200w\" sizes=\"auto, (max-width: 212px) 100vw, 212px\" \/>100 Jahre nach ihrer Ausrottung kehren die W\u00f6lfe nach Deutschland zur\u00fcck, in ein Industrieland voller Menschen. Sie kommen wieder, weil wir sie lassen. Das haben wir demokratisch entschieden. Ihre R\u00fcckkehr ist Ausdruck des Wandels in unserem Umgang mit der Natur. Wir sind bereit, die Herrschaft \u00fcber die Erde wieder zu teilen, auch weil wir einsehen: Als Alleinherrscher gehen wir unter.<\/span><\/p>\n<p><span style=\"font-size: 12pt;\">\u201eIm Land der W\u00f6lfe\u201c erz\u00e4hlt vom Leben unserer neuen Nachbarn. Die Tiere leben nicht in einer verwunschenen Wildnis in Naturschutzgebieten, sondern mitten unter uns. Sie finden Nischen in der Kulturlandschaft. Sie ziehen sich in die W\u00fcstungen alter Tagebaue zur\u00fcck, nutzen unsere Wege, \u00fcberqueren Autobahnen und laufen durch D\u00f6rfer. Ihre Welpen spielen mit unseren Abf\u00e4llen und trinken aus den Furchen, die Maschinen im Waldboden hinterlassen. Manchmal fressen W\u00f6lfe Nutztiere. Und viele Menschen haben eine tiefsitzende Angst vor ihnen. Die Landnahme der W\u00f6lfe fordert uns heraus \u2013 Verwaltung, Wissenschaft, Landwirtschaft: ForscherInnen, Sch\u00e4fer, Rissgutachterinnen, PolitikerInnen, Natursch\u00fctzer und viele andere agieren in einem Klima, das kennzeichnend ist f\u00fcr unsere Gegenwart: Polarisierend und polemisch wird \u00fcber W\u00f6lfe debattiert. Dabei sind sie blo\u00df Mitbewohner, keine Menschenfresser.<\/span><\/p>\n<p><span style=\"font-size: 12pt;\">102 Min.<\/span><br \/>\n<span style=\"font-size: 12pt;\">Buch, Regie, Ton<\/span><\/p>\n<p><span style=\"font-size: 12pt;\">if&#8230;Productions, ZDF\/3SAT<\/span><br \/>\n<span style=\"font-size: 12pt;\">Im Verleih von Mindjazz<\/span><br \/>\n<span style=\"font-size: 12pt;\">Gef\u00f6rdert von BKM, DFFF, FFA<\/span><\/p>\n<p><strong>Ab 2. Mai 2024 im Kino, Ursendung: 19.05.25, 22:25 Uhr 3SAT, Wiederholung: 08.06.26, 22:25 Uhr 3SAT<\/strong><\/p>\n<p><span style=\"font-size: 12pt;\">Internationale Hofer Filmtage (27.10.2023, Urauff\u00fchrung)\u00a0<\/span><\/p>\n<p><span style=\"font-size: 12pt;\">IDFA &#8211; International Documentary Film Festival Amsterdam (12.11.2023, Internationale Premiere)<\/span><\/p>\n<p>CHPDOX 2024 Kopenhagen (17.3.2024)<\/p>\n<p>Inscience 2024 Nijmegen (16.03.2024)<\/p>\n<p>DOK.Fest M\u00fcnchen 2024 (01. bis 12.05.2024)<\/p>\n<p>Seoul International Eco Film Festival 2024 (Audience Choice Award)<\/p>\n<p>Blue Planet Future Festival Busan 2024 (Popularity Award, Most Important Issue Award)<\/p>\n<p>20. \u00d6kofilmtour &#8211; Brandenburgisches Festival des Umwelt- und Naturfilms 2025 (Horst-Stern-Preis f\u00fcr den besten Naturfilm)<\/p>\n<p>&nbsp;<\/p>\n<p><iframe loading=\"lazy\" title=\"IM LAND DER W\u00d6LFE - Trailer\" width=\"750\" height=\"422\" src=\"https:\/\/www.youtube.com\/embed\/CE6lzKmNpR8?feature=oembed\" frameborder=\"0\" allow=\"accelerometer; autoplay; clipboard-write; encrypted-media; gyroscope; picture-in-picture; web-share\" referrerpolicy=\"strict-origin-when-cross-origin\" allowfullscreen><\/iframe><\/p>\n<p>&nbsp;<\/p>\n<p>&nbsp;<\/p>\n<p><span style=\"color: #000000;\">Unter unserem Himmel<\/span><br \/>\n<span style=\"font-size: 14pt; color: #000000;\"><strong>Kleine Welt im Wandel &#8211; Die Allg\u00e4uer Adelegg<\/strong><\/span><br \/>\n<span style=\"color: #000000;\">2023 (Ursendung am 26.11.2023, 19:15 Uhr, Bayerisches Fernsehen)<\/span><br \/>\n<span style=\"color: #000000;\">Im Grenzgebiet, halb auf bayerischer, halb auf baden-w\u00fcrttembergischer Seite liegt die Adelegg, ein Vorposten der Allg\u00e4uer Alpen. Die sanften Berge aus Konglomeratgestein erheben sich zwischen Isny und Kempten aus dem umliegenden Flachland. Einen Sommer lang begleitet der Film Einheimische und Zugezogene durch ihr Leben in einer Provinz, die sich \u00e4ndert.<\/span><\/p>\n<p><span style=\"color: #000000;\">43 Min., <\/span><span style=\"color: #000000;\">Buch, Regie &#8211;\u00a0<\/span><span style=\"color: #000000;\">Bayerisches Fernsehen<\/span><\/p>\n<p><img loading=\"lazy\" decoding=\"async\" class=\"size-large wp-image-1044 alignnone\" src=\"http:\/\/ralfbuecheler.de\/wp-content\/uploads\/adelegg_06-1024x576.jpg\" alt=\"\" width=\"750\" height=\"422\" srcset=\"http:\/\/ralfbuecheler.de\/wp-content\/uploads\/adelegg_06-1024x576.jpg 1024w, http:\/\/ralfbuecheler.de\/wp-content\/uploads\/adelegg_06-300x169.jpg 300w, http:\/\/ralfbuecheler.de\/wp-content\/uploads\/adelegg_06-768x432.jpg 768w, http:\/\/ralfbuecheler.de\/wp-content\/uploads\/adelegg_06-1536x864.jpg 1536w, http:\/\/ralfbuecheler.de\/wp-content\/uploads\/adelegg_06.jpg 1796w\" sizes=\"auto, (max-width: 750px) 100vw, 750px\" \/><\/p>\n<p>&nbsp;<\/p>\n<p>&nbsp;<\/p>\n<p><span style=\"color: #000000;\"><strong><span style=\"font-size: 14pt;\">Wie Schreiner Fred dem Tod entkam<\/span><br \/>\n<\/strong>2020<\/span><br \/>\n<span style=\"color: #000000;\">Fred Theiner steht mitten im Leben, als er eine pl\u00f6tzliche Krebsdiagnose bekommt. Die &#8222;Restlebzeit&#8220;: Drei Monate. 20 Jahre sp\u00e4ter erz\u00e4hlt er uns seine unglaubliche Geschichte. Sie handelt davon, wie er dem Tod entkam &#8211; und was es kostet, frei zu leben. Aus der Reihe &#8222;Lebenslinien&#8220; des Bayerischen Fernsehens.<\/span><br \/>\n<span style=\"color: #000000;\">Royal Filmmakers GmbH im Auftrag des BR<\/span><\/p>\n<p><span style=\"color: #000000;\">43 Min., <\/span><span style=\"color: #000000;\">Buch, Co-Regie, Ton (mit Johannes Rosenstein)<\/span><\/p>\n<p><span style=\"color: #000000;\">Am 2. November 2020 um 22 Uhr im <a style=\"color: #000000;\" href=\"https:\/\/www.br.de\/br-fernsehen\/sendungen\/lebenslinien\/wie-schreiner-fred-dem-tod-entkam-fred-theiner100.html\" target=\"_blank\" rel=\"noopener noreferrer\">Bayerischen Fernsehen<\/a><\/span><\/p>\n<div style=\"width: 750px;\" class=\"wp-video\"><video class=\"wp-video-shortcode\" id=\"video-451-1\" width=\"750\" height=\"422\" preload=\"metadata\" controls=\"controls\"><source type=\"video\/mp4\" src=\"http:\/\/ralfbuecheler.de\/wp-content\/uploads\/teaser_ll_fred_fuer_online.mp4?_=1\" \/><a href=\"http:\/\/ralfbuecheler.de\/wp-content\/uploads\/teaser_ll_fred_fuer_online.mp4\">http:\/\/ralfbuecheler.de\/wp-content\/uploads\/teaser_ll_fred_fuer_online.mp4<\/a><\/video><\/div>\n<p>&nbsp;<\/p>\n<p>&nbsp;<\/p>\n<p style=\"text-align: left;\"><span style=\"font-size: 14pt; color: #000000;\"><strong>Elternschule<\/strong><\/span><br \/>\n<span style=\"font-size: 12pt; color: #000000;\"> 2018<\/span><br \/>\n<span style=\"font-size: 12pt; color: #000000;\">Der Dokumentarfilm begleitet Familien durch die mehrw\u00f6chige, station\u00e4re Therapie einer psychosomatischen Klinik. Hier wird nicht nur die Krankheit des Kindes, sondern das gesamte Beziehungsgeflecht der Familie unter die Lupe genommen. Ein Gesellschaftsbild in Klinikr\u00e4umen: Wie geht gute Erziehung?<\/span><br \/>\n<span style=\"font-size: 12pt; color: #000000;\"> if&#8230; productions, SWR<\/span><\/p>\n<p><span style=\"font-size: 12pt; color: #000000;\">F\u00f6rderung durch FFF Bayern, BKM, DFFF<\/span><br \/>\n<span style=\"font-size: 12pt; color: #000000;\"> Im Verleih der Zorro Film GmbH<\/span><\/p>\n<p><span style=\"font-size: 12pt; color: #000000;\">117 Min., <\/span><span style=\"font-size: 12pt; color: #000000;\">Buch, <span style=\"color: #000000;\">Co-<\/span>Regie<\/span><br \/>\n<span style=\"font-size: 12pt; color: #000000;\"> (mit J\u00f6rg Adolph)<\/span><\/p>\n<p><span style=\"color: #000000;\">Nominiert f\u00fcr den Grimme Preis 2020<\/span><br \/>\n<span style=\"color: #000000;\">Nominiert f\u00fcr den Deutschen Filmpreis 2019.<\/span><br \/>\n<span style=\"color: #000000;\">Ab 11. Oktober 2018 im Kino.<\/span><br \/>\n<span style=\"color: #000000;\">Ab 30. April 2019 auf DVD und als Stream.<\/span><br \/>\n<span style=\"color: #000000;\">Am Mi., dem 3. Juli 2019 um 22:45 <a style=\"color: #000000;\" href=\"https:\/\/www.daserste.de\/information\/reportage-dokumentation\/dokus\/sendung\/elternschule-100.html\" target=\"_blank\" rel=\"noopener noreferrer\">im Ersten<\/a>.<\/span><\/p>\n<p><iframe loading=\"lazy\" title=\"Elternschule - Trailer\" width=\"750\" height=\"422\" src=\"https:\/\/www.youtube.com\/embed\/07RrZjRtJhM?feature=oembed\" frameborder=\"0\" allow=\"accelerometer; autoplay; clipboard-write; encrypted-media; gyroscope; picture-in-picture; web-share\" referrerpolicy=\"strict-origin-when-cross-origin\" allowfullscreen><\/iframe><\/p>\n<p>&nbsp;<\/p>\n<p>&nbsp;<\/p>\n<p><span style=\"font-size: 14pt; color: #000000;\"><strong>Leben: Gebrauchsanleitung<\/strong><\/span><br \/>\n<span style=\"font-size: 12pt; color: #000000;\"> 2016<\/span><br \/>\n<span style=\"font-size: 12pt; color: #000000;\"> Dokumentarfilm. Eine unterhaltsame Bestandsaufnahme vom Lernen und \u00dcben der Deutschen zwischen \u201eArbeit an sich selbst\u201c und \u201eVerhaltensoptimierung\u201c. Eine Reise zu Lebenshilfe-Seminaren, Beratungen, Ausbildungen, Therapien und Coachings in ganz Deutschland. Ein Remake von Harun Farockis &#8222;Leben BRD&#8220; aus dem Jahr 1989.<\/span><br \/>\n<span style=\"font-size: 12pt; color: #000000;\"> Megaherz GmbH, SWR, BR<\/span><\/p>\n<p><span style=\"font-size: 12pt; color: #000000;\">F\u00f6rderung durch FFF Bayern<\/span><br \/>\n<span style=\"font-size: 12pt; color: #000000;\"> Duisburger Filmwoche 2016<br \/>\nInt. DOKFest M\u00fcnchen 2017<br \/>\nFull Frame Film Fest Durham, USA<\/span><\/p>\n<p><span style=\"font-size: 12pt; color: #000000;\">90 Min., <\/span><span style=\"font-size: 12pt; color: #000000;\">Buch, <span style=\"color: #000000;\">Co-<\/span>Regie, Kamera, Ton<\/span><br \/>\n<span style=\"font-size: 12pt; color: #000000;\"> (mit J\u00f6rg Adolph)<\/span><\/p>\n<p><iframe loading=\"lazy\" title=\"Leben - Gebrauchsanleitung - Trailer\" width=\"750\" height=\"422\" src=\"https:\/\/www.youtube.com\/embed\/3B7xoXUKxEA?feature=oembed\" frameborder=\"0\" allow=\"accelerometer; autoplay; clipboard-write; encrypted-media; gyroscope; picture-in-picture; web-share\" referrerpolicy=\"strict-origin-when-cross-origin\" allowfullscreen><\/iframe><\/p>\n<p>&nbsp;<\/p>\n<p>&nbsp;<\/p>\n<p><span style=\"font-size: 14pt; color: #000000;\"><strong>Mission Control Texas<\/strong><\/span><br \/>\n<span style=\"font-size: 12pt; color: #000000;\"> 2015<\/span><br \/>\n<span style=\"font-size: 12pt; color: #000000;\"> Dokumentarfilm. Hinter den Kulissen der einzigen atheistischen Fernsehshow der USA in Austin\/Texas.<\/span><br \/>\n<span style=\"font-size: 12pt; color: #000000;\"> if&#8230; productions \/ ZDF\/3SAT \/ HFF<\/span><\/p>\n<p><span style=\"font-size: 12pt; color: #000000;\">F\u00f6rderung durch FFF Bayern<\/span><br \/>\n<span style=\"font-size: 12pt; color: #000000;\"> Film Festival Max Oph\u00fcls Preis 2015<\/span><br \/>\n<span style=\"font-size: 12pt; color: #000000;\"> Int. DOKFest M\u00fcnchen 2015<\/span><br \/>\n<span style=\"font-size: 12pt; color: #000000;\"> Hot Springs Int. Doc Fest 2015<\/span><br \/>\n<span style=\"font-size: 12pt; color: #000000;\"> FFF-F\u00f6rderpreis DOK.Fest M\u00fcnchen 2015<\/span><\/p>\n<p><span style=\"font-size: 12pt; color: #000000;\">85 Min., <\/span><span style=\"font-size: 12pt; color: #000000;\">Buch, Regie, Ton, Montage<\/span><\/p>\n<p><iframe loading=\"lazy\" title=\"Mission Control Texas - Trailer\" width=\"750\" height=\"422\" src=\"https:\/\/www.youtube.com\/embed\/2KI8HTRNonY?feature=oembed\" frameborder=\"0\" allow=\"accelerometer; autoplay; clipboard-write; encrypted-media; gyroscope; picture-in-picture; web-share\" referrerpolicy=\"strict-origin-when-cross-origin\" allowfullscreen><\/iframe><\/p>\n<p>&nbsp;<\/p>\n<p>&nbsp;<\/p>\n<p><span style=\"font-size: 14pt; color: #000000;\"><strong>Die Oberammergauer Leidenschaft<\/strong><\/span><br \/>\n<span style=\"font-size: 12pt; color: #000000;\"> 2010<\/span><br \/>\n<span style=\"font-size: 12pt; color: #000000;\"> Dokumentarfilm. Das Oberammergauer Passionsspiel 2010: Geschichte und Gegenwart.<\/span><br \/>\n<span style=\"font-size: 12pt; color: #000000;\"> if&#8230; productions \/ Bayerisches Fernsehen<\/span><\/p>\n<p><span style=\"font-size: 12pt; color: #000000;\">44 Min.,\u00a0<\/span><span style=\"font-size: 12pt; color: #000000;\">Co-Regie, Montage<\/span><br \/>\n<span style=\"font-size: 12pt; color: #000000;\"> (mit J\u00f6rg Adolph)<\/span><\/p>\n<p>&nbsp;<\/p>\n<p>&nbsp;<\/p>\n<p><span style=\"color: #000000;\"><span style=\"font-size: 12pt;\"><span style=\"font-size: 14pt;\"><strong>Wendekreis des Schafs<\/strong><\/span><em><strong><br \/>\n<\/strong><\/em><\/span><span style=\"font-size: 12pt;\">2009<br \/>\n<\/span><span style=\"font-size: 12pt;\">Dokumentarfilm. Ein Film \u00fcber das Leben auf entlegenen Inseln &#8211; die \u00e4u\u00dferen Hebriden vor der schottischen Nordwestk\u00fcste.<\/span><\/span><br \/>\n<span style=\"font-size: 12pt; color: #000000;\"> HFF M\u00fcnchen, Bayerisches Fernsehen\/Telepool,<\/span><br \/>\n<span style=\"font-size: 12pt; color: #000000;\"> FR-Entertainment<\/span><\/p>\n<p><span style=\"font-size: 12pt; color: #000000;\">Gerd Ruge Stipendium der Filmstiftung NRW 2006<\/span><br \/>\n<span style=\"font-size: 12pt; color: #000000;\"> 1. Preis Dokuwettbewerb von BR und Telepool 2007<\/span><br \/>\n<span style=\"font-size: 12pt; color: #000000;\"> DokFest M\u00fcnchen 2009<\/span><br \/>\n<span style=\"font-size: 12pt; color: #000000;\"> CamerImage Lodz 2009<\/span><\/p>\n<p><span style=\"font-size: 12pt; color: #000000;\">73 Min., <\/span><span style=\"font-size: 12pt; color: #000000;\">Buch, Regie, Montage<\/span><\/p>\n<p><iframe loading=\"lazy\" title=\"Wendekreis des Schafs - Trailer\" width=\"750\" height=\"422\" src=\"https:\/\/www.youtube.com\/embed\/53dN476Ho7M?feature=oembed\" frameborder=\"0\" allow=\"accelerometer; autoplay; clipboard-write; encrypted-media; gyroscope; picture-in-picture; web-share\" referrerpolicy=\"strict-origin-when-cross-origin\" allowfullscreen><\/iframe><\/p>\n<p>&nbsp;<\/p>\n<p>&nbsp;<\/p>\n<p><span style=\"font-size: 14pt; color: #000000;\"><strong>Die Formel Ost<\/strong><\/span><br \/>\n<span style=\"font-size: 12pt; color: #000000;\"> 2006<\/span><br \/>\n<span style=\"font-size: 12pt; color: #000000;\"> Dokumentarfilm. Auch die DDR hatte ihre Formel 1. In selbstgebauten Boliden k\u00e4mpften die Rennfahrer um den &#8222;Pokal der sozialistischen L\u00e4nder f\u00fcr Frieden und Freundschaft&#8220;. Und: Sie fahren noch heute.<\/span><br \/>\n<span style=\"font-size: 12pt; color: #000000;\"> HFF M\u00fcnchen<\/span><\/p>\n<p><span style=\"font-size: 12pt; color: #000000;\">40. Hofer Filmtage 2006<\/span><\/p>\n<p><span style=\"font-size: 12pt; color: #000000;\">43 Min., <\/span><span style=\"font-size: 12pt; color: #000000;\">Buch, <span style=\"color: #000000;\">Co-<\/span>Regie, Montage<\/span><br \/>\n<span style=\"font-size: 12pt; color: #000000;\"> (mit Johannes Rosenstein)<\/span><\/p>\n","protected":false},"excerpt":{"rendered":"<p class=\"excerpt\">Unter unserem Himmel Mistviecher &#8211; Wildtiere in der Landwirtschaft 2026 (Ursendung am 03.05.26, 19:15 Uhr, Bayerisches Fernsehen) Was fr\u00fcher Alltag war, blieb modernen Landwirt:innen lange erspart: \u201eMistviecher\u201c. Der Naturschutz bringt Saatkr\u00e4hen, Fischotter, Biber und andere Wildtiere zur\u00fcck. Was tun? Geschichten aus Oberbayern, dem Tirschenreuther Teichland und dem Sinngrund. Ein Film \u00fcber einen alten Konflikt und neue L\u00f6sungen. Ab 03.05.26 in&hellip; <a href=\"http:\/\/ralfbuecheler.de\/?page_id=451\">Read more &rarr;<\/a><\/p>\n","protected":false},"author":2,"featured_media":0,"parent":0,"menu_order":0,"comment_status":"closed","ping_status":"closed","template":"","meta":{"footnotes":""},"class_list":["post-451","page","type-page","status-publish","hentry","xfolkentry"],"aioseo_notices":[],"_links":{"self":[{"href":"http:\/\/ralfbuecheler.de\/index.php?rest_route=\/wp\/v2\/pages\/451","targetHints":{"allow":["GET"]}}],"collection":[{"href":"http:\/\/ralfbuecheler.de\/index.php?rest_route=\/wp\/v2\/pages"}],"about":[{"href":"http:\/\/ralfbuecheler.de\/index.php?rest_route=\/wp\/v2\/types\/page"}],"author":[{"embeddable":true,"href":"http:\/\/ralfbuecheler.de\/index.php?rest_route=\/wp\/v2\/users\/2"}],"replies":[{"embeddable":true,"href":"http:\/\/ralfbuecheler.de\/index.php?rest_route=%2Fwp%2Fv2%2Fcomments&post=451"}],"version-history":[{"count":10,"href":"http:\/\/ralfbuecheler.de\/index.php?rest_route=\/wp\/v2\/pages\/451\/revisions"}],"predecessor-version":[{"id":1123,"href":"http:\/\/ralfbuecheler.de\/index.php?rest_route=\/wp\/v2\/pages\/451\/revisions\/1123"}],"wp:attachment":[{"href":"http:\/\/ralfbuecheler.de\/index.php?rest_route=%2Fwp%2Fv2%2Fmedia&parent=451"}],"curies":[{"name":"wp","href":"https:\/\/api.w.org\/{rel}","templated":true}]}}