{"id":723,"date":"2017-10-24T13:26:58","date_gmt":"2017-10-24T12:26:58","guid":{"rendered":"http:\/\/ralfbuecheler.de\/?page_id=723"},"modified":"2023-12-30T21:52:47","modified_gmt":"2023-12-30T20:52:47","slug":"biographie-2","status":"publish","type":"page","link":"http:\/\/ralfbuecheler.de\/?page_id=723","title":{"rendered":"Biographie"},"content":{"rendered":"<p><span style=\"font-size: 12pt;\"><img loading=\"lazy\" decoding=\"async\" class=\"size-thumbnail wp-image-934 alignleft\" src=\"http:\/\/ralfbuecheler.de\/wp-content\/uploads\/buecheler_neu_klein-150x150.jpg\" alt=\"\" width=\"150\" height=\"150\" srcset=\"http:\/\/ralfbuecheler.de\/wp-content\/uploads\/buecheler_neu_klein-150x150.jpg 150w, http:\/\/ralfbuecheler.de\/wp-content\/uploads\/buecheler_neu_klein-100x100.jpg 100w\" sizes=\"auto, (max-width: 150px) 100vw, 150px\" \/><\/span>Ralf B\u00fccheler, Jahrgang 1975, wuchs im Allg\u00e4u auf und studierte Volkskunde, Ethnologie und Literatur in M\u00fcnchen und Swansea. Anschlie\u00dfend Dokumentarfilm und Fernsehpublizistik an der M\u00fcnchner Filmhochschule. Er lebt als freier Autor und Regisseur in M\u00fcnchen und macht Dokumentarfilme und Radio. B\u00fcchelers Interessen sind kontroverse gesellschaftliche Themen, das Wechselspiel zwischen Gesellschaft und Landschaft &#8211; und Menschen, die etwas leidenschaftlich tun.<\/p>\n","protected":false},"excerpt":{"rendered":"<p class=\"excerpt\">Ralf B\u00fccheler, Jahrgang 1975, wuchs im Allg\u00e4u auf und studierte Volkskunde, Ethnologie und Literatur in M\u00fcnchen und Swansea. Anschlie\u00dfend Dokumentarfilm und Fernsehpublizistik an der M\u00fcnchner Filmhochschule. Er lebt als freier Autor und Regisseur in M\u00fcnchen und macht Dokumentarfilme und Radio. B\u00fcchelers Interessen sind kontroverse gesellschaftliche Themen, das Wechselspiel zwischen Gesellschaft und Landschaft &#8211; und Menschen, die etwas leidenschaftlich tun. <a href=\"http:\/\/ralfbuecheler.de\/?page_id=723\">Read more &rarr;<\/a><\/p>\n","protected":false},"author":2,"featured_media":0,"parent":0,"menu_order":0,"comment_status":"closed","ping_status":"closed","template":"","meta":{"footnotes":""},"class_list":["post-723","page","type-page","status-publish","hentry","xfolkentry"],"aioseo_notices":[],"_links":{"self":[{"href":"http:\/\/ralfbuecheler.de\/index.php?rest_route=\/wp\/v2\/pages\/723","targetHints":{"allow":["GET"]}}],"collection":[{"href":"http:\/\/ralfbuecheler.de\/index.php?rest_route=\/wp\/v2\/pages"}],"about":[{"href":"http:\/\/ralfbuecheler.de\/index.php?rest_route=\/wp\/v2\/types\/page"}],"author":[{"embeddable":true,"href":"http:\/\/ralfbuecheler.de\/index.php?rest_route=\/wp\/v2\/users\/2"}],"replies":[{"embeddable":true,"href":"http:\/\/ralfbuecheler.de\/index.php?rest_route=%2Fwp%2Fv2%2Fcomments&post=723"}],"version-history":[{"count":8,"href":"http:\/\/ralfbuecheler.de\/index.php?rest_route=\/wp\/v2\/pages\/723\/revisions"}],"predecessor-version":[{"id":1058,"href":"http:\/\/ralfbuecheler.de\/index.php?rest_route=\/wp\/v2\/pages\/723\/revisions\/1058"}],"wp:attachment":[{"href":"http:\/\/ralfbuecheler.de\/index.php?rest_route=%2Fwp%2Fv2%2Fmedia&parent=723"}],"curies":[{"name":"wp","href":"https:\/\/api.w.org\/{rel}","templated":true}]}}